{"id":1,"date":"2024-02-04T19:51:10","date_gmt":"2024-02-04T19:51:10","guid":{"rendered":"http:\/\/ramtai.de\/?page_id=1"},"modified":"2025-09-26T19:26:21","modified_gmt":"2025-09-26T17:26:21","slug":"ueber","status":"publish","type":"page","link":"https:\/\/ramtai.de\/lv\/ueber\/","title":{"rendered":"Par mums"},"content":{"rendered":"<p class=\"wp-block-paragraph translation-block\"><strong>Kori Ramtai 2015. gad\u0101 dibin\u0101ja Nad\u012bna Jestela k\u0101 sievie\u0161u kori Minhengladbah\u0101. <\/strong> S\u0101kotn\u0113jais dibin\u0101\u0161anas m\u0113r\u0137is bija sagatavoties 1. Eiropas latvie\u0161u kult\u016bras festiv\u0101lam Brisel\u0113 (ELKS) par godu pirmajai Latvijas prezident\u016brai Eiropas Savien\u012bbas Padom\u0113, ta\u010du dr\u012bz vien koris iesaist\u012bj\u0101s da\u017e\u0101d\u0101s aktivit\u0101t\u0113s, jo atrodas net\u0101lu no v\u0101cu-latvie\u0161u draugu pulci\u0146a kaimi\u0146u pils\u0113t\u0101 Villih\u0101. Sadarb\u012bb\u0101 ar draugu loku Ramtai regul\u0101ri nodro\u0161in\u0101ja muzik\u0101lo pavad\u012bjumu pas\u0101kumiem un sniedza koncertus, \u012bpa\u0161i ap Latvijas Neatkar\u012bbas atjauno\u0161anas dienu 18. novembr\u012b. 2018. gad\u0101 Ramtai piedal\u012bj\u0101s XXVI Visp\u0101r\u0113jos latvie\u0161u Dziesmu sv\u0113tkos un XVI Deju sv\u0113tkos. <strong>2021. gad\u0101 kora muzik\u0101lo vad\u012bbu p\u0101r\u0146\u0113ma Iveta \u0160elhaasa, <\/strong>kura, palielinoties v\u012bru balsu skaitam, tagad var\u0113ja att\u012bst\u012bt ar\u012b jaukt\u0101 kora repertu\u0101ru. Jaun\u0101kais notikums bija veiksm\u012bga pieteik\u0161an\u0101s un dal\u012bba XXVII Visp\u0101r\u0113jos latvie\u0161u Dziesmu sv\u0113tkos un XVII Deju sv\u0113tkos R\u012bg\u0101 2023. gada vasar\u0101.<\/p>\n\n\n\n<p class=\"wp-block-paragraph\">Ramtai \u0161obr\u012bd ir ap 30 akt\u012bvu dzied\u0101t\u0101ju Reinzem\u0113 no teritorijas, kas stiepjas no Bonnas l\u012bdz D\u012bsburgai un no Minhengladbahas l\u012bdz Zolingenai, tostarp kor\u012b piedal\u0101s ar\u012b daudzi v\u0101cie\u0161i, kuri nerun\u0101 latviski, bet dzied kop\u0101 ar latvie\u0161iem! Repertu\u0101r\u0101 galvenok\u0101rt ir latvie\u0161u kora m\u016bzika no tautasdziesm\u0101m l\u012bdz v\u0113l\u012bnajam romantismam un m\u016bsdienu m\u016bzikai.&nbsp;<\/p>","protected":false},"excerpt":{"rendered":"<p>Der Chor Ramtai wurde im Jahr 2015 von Nad\u012bna Jestela als Frauenchor in M\u00f6nchengladbach gegr\u00fcndet. Das Ziel der Gr\u00fcndung war zun\u00e4chst, sich auf das 1. Europ\u00e4ische Festival der lettischen Kultur in Br\u00fcssel (ELKS) anl\u00e4sslich der ersten lettischen Pr\u00e4sidentschaft im Rat der Europ\u00e4ischen Union vorzubereiten; bald wurde der Chor jedoch durch die N\u00e4he zum Deutsch-Lettischen-Freundeskreises in&hellip; <a href=\"https:\/\/ramtai.de\/lv\/ueber\/\" class=\"more-link\">Turpin\u0101t las\u012bt <span class=\"screen-reader-text\">Par mums<\/span><\/a><\/p>","protected":false},"author":246161285,"featured_media":0,"parent":0,"menu_order":0,"comment_status":"closed","ping_status":"open","template":"","meta":{"advanced_seo_description":"","jetpack_seo_html_title":"","jetpack_seo_noindex":false,"jetpack_seo_schema_type":"","_wpcom_ai_launchpad_about_page":false,"_wpcom_ai_launchpad_gallery_page":false,"_wpcom_ai_launchpad_contact_page":false,"_wpcom_ai_launchpad_events_page":false,"_wpcom_ai_launchpad_video_page":false,"_wpcom_ai_launchpad_portfolio_piece":false,"footnotes":""},"tags":[],"class_list":["post-1","page","type-page","status-publish","hentry","without-featured-image"],"jetpack_likes_enabled":true,"jetpack_sharing_enabled":true,"jetpack_shortlink":"https:\/\/wp.me\/PfuJpM-1","jetpack-related-posts":[],"_links":{"self":[{"href":"https:\/\/ramtai.de\/lv\/wp-json\/wp\/v2\/pages\/1","targetHints":{"allow":["GET"]}}],"collection":[{"href":"https:\/\/ramtai.de\/lv\/wp-json\/wp\/v2\/pages"}],"about":[{"href":"https:\/\/ramtai.de\/lv\/wp-json\/wp\/v2\/types\/page"}],"author":[{"embeddable":true,"href":"https:\/\/ramtai.de\/lv\/wp-json\/wp\/v2\/users\/246161285"}],"replies":[{"embeddable":true,"href":"https:\/\/ramtai.de\/lv\/wp-json\/wp\/v2\/comments?post=1"}],"version-history":[{"count":8,"href":"https:\/\/ramtai.de\/lv\/wp-json\/wp\/v2\/pages\/1\/revisions"}],"predecessor-version":[{"id":1458,"href":"https:\/\/ramtai.de\/lv\/wp-json\/wp\/v2\/pages\/1\/revisions\/1458"}],"wp:attachment":[{"href":"https:\/\/ramtai.de\/lv\/wp-json\/wp\/v2\/media?parent=1"}],"wp:term":[{"taxonomy":"post_tag","embeddable":true,"href":"https:\/\/ramtai.de\/lv\/wp-json\/wp\/v2\/tags?post=1"}],"curies":[{"name":"wp","href":"https:\/\/api.w.org\/{rel}","templated":true}]}}